{"id":31,"date":"2025-01-29T12:48:40","date_gmt":"2025-01-29T11:48:40","guid":{"rendered":"https:\/\/pti.lomza.pl\/?page_id=31"},"modified":"2026-04-24T19:59:54","modified_gmt":"2026-04-24T18:59:54","slug":"struktura","status":"publish","type":"page","link":"https:\/\/pti.lomza.pl\/index.php\/struktura\/","title":{"rendered":"Struktura"},"content":{"rendered":"\n<h4 class=\"wp-block-heading\">W dniu 9 kwietnia 2026 r. w oddziale \u0141om\u017cy\u0144skim odby\u0142o si\u0119 WZC cz\u0142onk\u00f3w oddzia\u0142u.<\/h4>\n\n\n\n<p>Podczas obrad wybrany zosta\u0142 nowy Zarz\u0105d oddzia\u0142u w sk\u0142adzie:<\/p>\n\n\n\n<ul class=\"wp-block-list\">\n<li>Krzysztof Cwalina &#8211; Prezes<\/li>\n\n\n\n<li>Adam Chojnowski &#8211; Wiceprezes<\/li>\n\n\n\n<li>Rados\u0142aw Cichocki &#8211; Wiceprezes<\/li>\n\n\n\n<li>Bogdan Pliszewski\u00a0 &#8211; Wiceprezes<\/li>\n\n\n\n<li>Mariusz Buczy\u0144ski &#8211; Wiceprezes\/Skarbnik<\/li>\n<\/ul>\n\n\n\n<h4 class=\"wp-block-heading\">Komisja rewizyjna<\/h4>\n\n\n\n<ul class=\"wp-block-list\">\n<li>Mariusz Winiarczyk\u00a0 \u00a0&#8211; Przewodnicz\u0105cy<\/li>\n\n\n\n<li>Adam Mocarski &#8211; cz\u0142onek<\/li>\n\n\n\n<li>Tomasz Sobieski &#8211; cz\u0142onek<\/li>\n<\/ul>\n\n\n\n<h4 class=\"wp-block-heading\">S\u0105d kole\u017ce\u0144ski<\/h4>\n\n\n\n<ul class=\"wp-block-list\">\n<li>Cezary Nerkowski &#8211; Przewodnicz\u0105cy<\/li>\n\n\n\n<li>Tomasz Olczyk &#8211; cz\u0142onek<\/li>\n\n\n\n<li>Marcin Burzy\u0144ski &#8211; cz\u0142onek<\/li>\n<\/ul>\n","protected":false},"excerpt":{"rendered":"<p>W dniu 9 kwietnia 2026 r. w oddziale \u0141om\u017cy\u0144skim odby\u0142o si\u0119 WZC cz\u0142onk\u00f3w oddzia\u0142u. Podczas obrad wybrany zosta\u0142 nowy Zarz\u0105d oddzia\u0142u w sk\u0142adzie: Komisja rewizyjna&hellip;<\/p>\n","protected":false},"author":1,"featured_media":0,"parent":0,"menu_order":0,"comment_status":"closed","ping_status":"closed","template":"","meta":{"ngg_post_thumbnail":0,"footnotes":""},"class_list":["post-31","page","type-page","status-publish","hentry"],"_links":{"self":[{"href":"https:\/\/pti.lomza.pl\/index.php\/wp-json\/wp\/v2\/pages\/31","targetHints":{"allow":["GET"]}}],"collection":[{"href":"https:\/\/pti.lomza.pl\/index.php\/wp-json\/wp\/v2\/pages"}],"about":[{"href":"https:\/\/pti.lomza.pl\/index.php\/wp-json\/wp\/v2\/types\/page"}],"author":[{"embeddable":true,"href":"https:\/\/pti.lomza.pl\/index.php\/wp-json\/wp\/v2\/users\/1"}],"replies":[{"embeddable":true,"href":"https:\/\/pti.lomza.pl\/index.php\/wp-json\/wp\/v2\/comments?post=31"}],"version-history":[{"count":6,"href":"https:\/\/pti.lomza.pl\/index.php\/wp-json\/wp\/v2\/pages\/31\/revisions"}],"predecessor-version":[{"id":309,"href":"https:\/\/pti.lomza.pl\/index.php\/wp-json\/wp\/v2\/pages\/31\/revisions\/309"}],"wp:attachment":[{"href":"https:\/\/pti.lomza.pl\/index.php\/wp-json\/wp\/v2\/media?parent=31"}],"curies":[{"name":"wp","href":"https:\/\/api.w.org\/{rel}","templated":true}]}}